{"id":36,"date":"2019-05-26T08:28:28","date_gmt":"2019-05-26T08:28:28","guid":{"rendered":"http:\/\/zeplin-grabmale.de\/?page_id=36"},"modified":"2019-05-26T09:44:51","modified_gmt":"2019-05-26T09:44:51","slug":"kuechen-baeder","status":"publish","type":"page","link":"http:\/\/zeplin-grabmale.de\/?page_id=36","title":{"rendered":"K\u00fcchen &#038; B\u00e4der"},"content":{"rendered":"<h3>K\u00fcchen &amp; B\u00e4der<\/h3>\n<p>Durch langj\u00e4hrige Erfahrungen, schaffen wir individuelle und kreative L\u00f6sungen f\u00fcr Ihr Vorhaben.<\/p>\n<p>Wir fertigen:<\/p>\n<ul>\n<li>K\u00fcchenarbeitsplatten<\/li>\n<li>Bad- und Bodenbel\u00e4ge<\/li>\n<li>Waschtische<\/li>\n<li>E\u00df- ud Couchtische (auf Wunsch mit Edelstahlunterbau)<\/li>\n<li>Kaminverkleidungen<\/li>\n<li>Exklusiver Innenausbau in allen Wohnbereichen<\/li>\n<\/ul>\n<p><img loading=\"lazy\" class=\"wp-image-206 size-medium\" src=\"http:\/\/zeplin-grabmale.de\/wp-content\/uploads\/2019\/05\/wir-1-225x300.jpg\" alt=\"zur Galerie- Referenzen\" width=\"225\" height=\"300\" srcset=\"http:\/\/zeplin-grabmale.de\/wp-content\/uploads\/2019\/05\/wir-1-225x300.jpg 225w, http:\/\/zeplin-grabmale.de\/wp-content\/uploads\/2019\/05\/wir-1-768x1024.jpg 768w\" sizes=\"(max-width: 225px) 100vw, 225px\" \/><\/p>\n<p><a href=\"http:\/\/zeplin-grabmale.de\/?page_id=44\">zur Galerie- Referenzen<\/a><\/p>\n\n\n<p><\/p>\n","protected":false},"excerpt":{"rendered":"<p>K\u00fcchen &amp; B\u00e4der Durch langj\u00e4hrige Erfahrungen, schaffen wir individuelle und kreative L\u00f6sungen f\u00fcr Ihr Vorhaben. Wir fertigen: K\u00fcchenarbeitsplatten Bad- und Bodenbel\u00e4ge Waschtische E\u00df- ud Couchtische (auf Wunsch mit Edelstahlunterbau) Kaminverkleidungen Exklusiver Innenausbau in allen Wohnbereichen zur Galerie- Referenzen<\/p>\n","protected":false},"author":1,"featured_media":0,"parent":0,"menu_order":0,"comment_status":"closed","ping_status":"closed","template":"","meta":[],"_links":{"self":[{"href":"http:\/\/zeplin-grabmale.de\/index.php?rest_route=\/wp\/v2\/pages\/36"}],"collection":[{"href":"http:\/\/zeplin-grabmale.de\/index.php?rest_route=\/wp\/v2\/pages"}],"about":[{"href":"http:\/\/zeplin-grabmale.de\/index.php?rest_route=\/wp\/v2\/types\/page"}],"author":[{"embeddable":true,"href":"http:\/\/zeplin-grabmale.de\/index.php?rest_route=\/wp\/v2\/users\/1"}],"replies":[{"embeddable":true,"href":"http:\/\/zeplin-grabmale.de\/index.php?rest_route=%2Fwp%2Fv2%2Fcomments&post=36"}],"version-history":[{"count":5,"href":"http:\/\/zeplin-grabmale.de\/index.php?rest_route=\/wp\/v2\/pages\/36\/revisions"}],"predecessor-version":[{"id":397,"href":"http:\/\/zeplin-grabmale.de\/index.php?rest_route=\/wp\/v2\/pages\/36\/revisions\/397"}],"wp:attachment":[{"href":"http:\/\/zeplin-grabmale.de\/index.php?rest_route=%2Fwp%2Fv2%2Fmedia&parent=36"}],"curies":[{"name":"wp","href":"https:\/\/api.w.org\/{rel}","templated":true}]}}